{"id":1290,"date":"2020-01-03T12:13:23","date_gmt":"2020-01-03T12:13:23","guid":{"rendered":"http:\/\/www.idyllsuites.com\/kontakt\/"},"modified":"2020-08-28T12:35:33","modified_gmt":"2020-08-28T11:35:33","slug":"kontakt","status":"publish","type":"page","link":"http:\/\/www.idyllsuites.com\/de\/kontakt\/","title":{"rendered":"Kontakt"},"content":{"rendered":"<p>[vc_row full_width=&#8220;stretch_row_content_no_spaces&#8220; css=&#8220;.vc_custom_1556886106850{margin-top: -80px !important;}&#8220;][vc_column][vc_gmaps link=&#8220;#E-8_JTNDaWZyYW1lJTIwc3JjJTNEJTIyaHR0cHMlM0ElMkYlMkZ3d3cuZ29vZ2xlLmNvbSUyRm1hcHMlMkZlbWJlZCUzRnBiJTNEJTIxMW0yOCUyMTFtMTIlMjExbTMlMjExZDExMjg4Ny44MjE4NzIxNzgzOCUyMTJkLTE1LjYzMDQ0MzgxOTg5MzM1JTIxM2QyNy44NDgzOTM4MTgyMjYxNDMlMjEybTMlMjExZjAlMjEyZjAlMjEzZjAlMjEzbTIlMjExaTEwMjQlMjEyaTc2OCUyMTRmMTMuMSUyMTRtMTMlMjEzZTAlMjE0bTUlMjExczB4YzQwYTI2NmMzNjYyZDFkJTI1M0EweDgyNGJjZjdlMTU5Zjg1ZDQlMjEyc0Flcm9wb3J0JTJCZGUlMkJHcmFuJTJCQ2FuJTI1QzMlMjVBMHJpYSUyQiUyOExQQSUyOSUyMTNtMiUyMTFkMjcuOTMzMTg0OCUyMTJkLTE1LjM4NzcwNjYlMjE0bTUlMjExczB4YzQwODFhY2MwZmU0MGMzJTI1M0EweGU5YmU5Mjk2NTFiYjYxMDUlMjEyc0lkeWxsJTJCU3VpdGVzJTI1MkMlMkJDYWxsZSUyQlBldHJlbCUyNTJDJTJCMyUyNTJDJTJCMzUxMzglMkJNb2clMjVDMyUyNUExbiUyNTJDJTJCTGFzJTJCUGFsbWFzJTIxM20yJTIxMWQyNy44MDA1NDIyJTIxMmQtMTUuNzMyOTYzMyUyMTVlMCUyMTNtMiUyMTFzZXMlMjEyc2VzJTIxNHYxNTU2ODc4ODQ1NzU0JTIxNW0yJTIxMXNlcyUyMTJzZXMlMjIlMjB3aWR0aCUzRCUyMjYwMCUyMiUyMGhlaWdodCUzRCUyMjQ1MCUyMiUyMGZyYW1lYm9yZGVyJTNEJTIyMCUyMiUyMHN0eWxlJTNEJTIyYm9yZGVyJTNBMCUyMiUyMGFsbG93ZnVsbHNjcmVlbiUzRSUzQyUyRmlmcmFtZSUzRQ==&#8220;][\/vc_column][\/vc_row][vc_row][vc_column][vc_custom_heading text=&#8220;Kontaktieren Sie Idyll Suites&#8220; font_container=&#8220;tag:h2|text_align:center&#8220; use_theme_fonts=&#8220;yes&#8220;][vc_separator][\/vc_column][\/vc_row][vc_row][vc_column width=&#8220;1\/3&#8243;][vc_single_image image=&#8220;1292&#8243; img_size=&#8220;full&#8220; alignment=&#8220;center&#8220;][\/vc_column][vc_column width=&#8220;1\/3&#8243;][vc_column_text]Hotel Idyll Suites Gran Canaria nimmt sich die Kundenbetreuung zu Herzen. Unsere Mission ist es, unsere Kunden mit einem Weltklasse-Service zu umsorgen. Bitte kontaktieren Sie uns auf dem Weg, der f\u00fcr Sie am angenehmsten ist. Wir freuen uns schon darauf, von Ihnen zu h\u00f6ren. Wir antworten normalerweise innerhalb eines Arbeitstages.[\/vc_column_text][\/vc_column][vc_column width=&#8220;1\/3&#8243;][vc_column_text]\n<div class=\"wpcf7 no-js\" id=\"wpcf7-f1247-o1\" lang=\"en-US\" dir=\"ltr\" data-wpcf7-id=\"1247\">\n<div class=\"screen-reader-response\"><p role=\"status\" aria-live=\"polite\" aria-atomic=\"true\"><\/p> <ul><\/ul><\/div>\n<form action=\"\/de\/wp-json\/wp\/v2\/pages\/1290#wpcf7-f1247-o1\" method=\"post\" class=\"wpcf7-form init\" aria-label=\"Contact form\" novalidate=\"novalidate\" data-status=\"init\">\n<fieldset class=\"hidden-fields-container\"><input type=\"hidden\" name=\"_wpcf7\" value=\"1247\" \/><input type=\"hidden\" name=\"_wpcf7_version\" value=\"6.1.6\" \/><input type=\"hidden\" name=\"_wpcf7_locale\" value=\"en_US\" \/><input type=\"hidden\" name=\"_wpcf7_unit_tag\" value=\"wpcf7-f1247-o1\" \/><input type=\"hidden\" name=\"_wpcf7_container_post\" value=\"0\" \/><input type=\"hidden\" name=\"_wpcf7_posted_data_hash\" value=\"\" \/>\n<\/fieldset>\n<p><label> Name*<br \/>\n<span class=\"wpcf7-form-control-wrap\" data-name=\"your-name\"><input size=\"40\" maxlength=\"400\" class=\"wpcf7-form-control wpcf7-text wpcf7-validates-as-required\" aria-required=\"true\" aria-invalid=\"false\" value=\"\" type=\"text\" name=\"your-name\" \/><\/span> <\/label>\n<\/p>\n<p><label> Email*<br \/>\n<span class=\"wpcf7-form-control-wrap\" data-name=\"your-email\"><input size=\"40\" maxlength=\"400\" class=\"wpcf7-form-control wpcf7-email wpcf7-validates-as-required wpcf7-text wpcf7-validates-as-email\" aria-required=\"true\" aria-invalid=\"false\" value=\"\" type=\"email\" name=\"your-email\" \/><\/span> <\/label>\n<\/p>\n<p><label> Subject<br \/>\n<span class=\"wpcf7-form-control-wrap\" data-name=\"your-subject\"><input size=\"40\" maxlength=\"400\" class=\"wpcf7-form-control wpcf7-text\" aria-invalid=\"false\" value=\"\" type=\"text\" name=\"your-subject\" \/><\/span> <\/label>\n<\/p>\n<p><label> Thema<br \/>\n<span class=\"wpcf7-form-control-wrap\" data-name=\"your-message\"><textarea cols=\"40\" rows=\"10\" maxlength=\"2000\" class=\"wpcf7-form-control wpcf7-textarea\" aria-invalid=\"false\" name=\"your-message\"><\/textarea><\/span> <\/label>\n<\/p>\n<p><input class=\"wpcf7-form-control wpcf7-submit has-spinner\" type=\"submit\" value=\"Nachricht senden\" \/>\n<\/p><div class=\"wpcf7-response-output\" aria-hidden=\"true\"><\/div>\n<\/form>\n<\/div>\n\r\n\t\t\t\t<script data-cfasync=\"false\" data-nowprocket data-noptimize=\"1\" data-no-optimize=\"1\" nitro-exclude data-jetpack-boost=\"ignore\">\r\n\t\t\t\tif ( typeof huOptions !== 'undefined' ) {\r\n\t\t\t\t\tvar huFormData = {\"source\":\"contactform7\",\"id\":1247,\"title\":\"Contact form DE\",\"fields\":{\"subject\":{\"first_name\":\"your-name\",\"email\":\"your-email\"},\"preferences\":{\"terms\":\"your-consent\"}}};\r\n\t\t\t\t\tvar huFormNode = document.querySelector( '[id^=\"wpcf7-f1247-\"] form' );\r\n\r\n\t\t\t\t\thuFormData['node'] = huFormNode;\r\n\t\t\t\t\thuOptions['forms'].push( huFormData );\r\n\t\t\t\t}\r\n\t\t\t\t<\/script>[\/vc_column_text][\/vc_column][\/vc_row][vc_row full_width=&#8220;stretch_row&#8220;][vc_column][vc_custom_heading text=&#8220;Anfahrt&#8220; font_container=&#8220;tag:h2|text_align:center&#8220; use_theme_fonts=&#8220;yes&#8220;][vc_separator][vc_single_image image=&#8220;1291&#8243; img_size=&#8220;full&#8220; alignment=&#8220;center&#8220;][vc_custom_heading text=&#8220;Andere Fahrtm\u00f6glichkeiten&#8220; font_container=&#8220;tag:h2|text_align:center&#8220; use_theme_fonts=&#8220;yes&#8220;][vc_separator]<div id=\"advanced-tabs-desc-wrap-6402\" class=\"ult_tabs \" style=\" \" data-tabsstyle=\"style1\"\n data-titlebg=\"#f2f2f2\" data-titlecolor=\"#5d5047\" data-fullheight=\"off\"\n data-titlehoverbg=\"#5d5047\" data-titlehovercolor=\"#ffffff\"\n data-rotatetabs=\"0\" data-responsivemode=\"Both\" data-animation=\"Fade\"\ndata-activetitle=\"#ffffff\" data-activeicon=\"#ffffff\" data-activebg=\"#ffab06\"  data-respmode=\"Tabs\" data-respwidth=\"400\" data-scroll = \"on\" data-activeindex=\"1\"><ul id=advanced-tabs-wrap-8039 class=\"ult_tabmenu style1 Style_4\" style=\"color:#cecece;border-bottom-color:#cecece;border-bottom-width:1px;border-bottom-style:solid;border-bottom-width:0px;\"><li class=\"ult_tab_li ult_tab_style_4 \" data-iconcolor=\"#5d5047\" data-iconhover=\"#ffffff\" style=\"background-color:#f2f2f2;border-color:#cecece;border-width:1px;border-style:solid;border-top-left-radius:8px;\">\n\t\t\t\t\t<a href=\"#1556882592406-7\" id=\"1556882592406-7\" style=\"color:#5d5047;;  \" class=\"ult_a  \">\n\t\t\t\t\t     <span class=\"ult_tab_main Both\">\n\t\t\t\t\t      <span class=\"ult_tab_section\">\n\t\t\t\t\t\t   <span class=\"aio-icon none ult_tab_iconleft\" style=\"color:#5d5047;font-size:15px;\">\n\t\t\t\t\t\t   <i class=\"  fas fa-car-side ult_tab_icon\"  ><\/i>\n\t\t\t\t\t\t   <\/span>\n\t\t\t\t\t\t   <span  data-ultimate-target='#advanced-tabs-wrap-8039 .ult-span-text'  data-responsive-json-new='{\"font-size\":\"desktop:15px;\",\"line-height\":\"\"}'  class=\"ult-span-text ult-responsive\" style=\"\">Mietauto<\/span>\n\t\t\t\t\t\t    <\/span >\n\t\t\t\t\t\t<\/span>\n\t\t\t\t\t<\/a>\n\t\t\t\t\t<\/li><li class=\"ult_tab_li ult_tab_style_4 \" data-iconcolor=\"#5d5047\" data-iconhover=\"#ffffff\" style=\"background-color:#f2f2f2;border-color:#cecece;border-width:1px;border-style:solid;\">\n\t\t\t\t\t<a href=\"#1556882592437-8\" id=\"1556882592437-8\" style=\"color:#5d5047;;  \" class=\"ult_a  \">\n\t\t\t\t\t     <span class=\"ult_tab_main Both\">\n\t\t\t\t\t      <span class=\"ult_tab_section\">\n\t\t\t\t\t\t   <span class=\"aio-icon none ult_tab_iconleft\" style=\"color:#5d5047;font-size:15px;\">\n\t\t\t\t\t\t   <i class=\"  fas fa-taxi ult_tab_icon\"  ><\/i>\n\t\t\t\t\t\t   <\/span>\n\t\t\t\t\t\t   <span  data-ultimate-target='#advanced-tabs-wrap-8039 .ult-span-text'  data-responsive-json-new='{\"font-size\":\"desktop:15px;\",\"line-height\":\"\"}'  class=\"ult-span-text ult-responsive\" style=\"\">Taxi<\/span>\n\t\t\t\t\t\t    <\/span >\n\t\t\t\t\t\t<\/span>\n\t\t\t\t\t<\/a>\n\t\t\t\t\t<\/li><li class=\"ult_tab_li ult_tab_style_4 \" data-iconcolor=\"#5d5047\" data-iconhover=\"#ffffff\" style=\"background-color:#f2f2f2;border-color:#cecece;border-width:1px;border-style:solid;\">\n\t\t\t\t\t<a href=\"#1556883614209-2-0\" id=\"1556883614209-2-0\" style=\"color:#5d5047;;  \" class=\"ult_a  \">\n\t\t\t\t\t     <span class=\"ult_tab_main Both\">\n\t\t\t\t\t      <span class=\"ult_tab_section\">\n\t\t\t\t\t\t   <span class=\"aio-icon none ult_tab_iconleft\" style=\"color:#5d5047;font-size:15px;\">\n\t\t\t\t\t\t   <i class=\"  fas fa-car ult_tab_icon\"  ><\/i>\n\t\t\t\t\t\t   <\/span>\n\t\t\t\t\t\t   <span  data-ultimate-target='#advanced-tabs-wrap-8039 .ult-span-text'  data-responsive-json-new='{\"font-size\":\"desktop:15px;\",\"line-height\":\"\"}'  class=\"ult-span-text ult-responsive\" style=\"\">Privater Transfer<\/span>\n\t\t\t\t\t\t    <\/span >\n\t\t\t\t\t\t<\/span>\n\t\t\t\t\t<\/a>\n\t\t\t\t\t<\/li><li class=\"ult_tab_li ult_tab_style_4 \" data-iconcolor=\"#5d5047\" data-iconhover=\"#ffffff\" style=\"background-color:#f2f2f2;border-color:#cecece;border-width:1px;border-style:solid;\">\n\t\t\t\t\t<a href=\"#1556883714630-3-1\" id=\"1556883714630-3-1\" style=\"color:#5d5047;;  \" class=\"ult_a  \">\n\t\t\t\t\t     <span class=\"ult_tab_main Both\">\n\t\t\t\t\t      <span class=\"ult_tab_section\">\n\t\t\t\t\t\t   <span class=\"aio-icon none ult_tab_iconleft\" style=\"color:#5d5047;font-size:15px;\">\n\t\t\t\t\t\t   <i class=\"  Defaults-bus ult_tab_icon\"  ><\/i>\n\t\t\t\t\t\t   <\/span>\n\t\t\t\t\t\t   <span  data-ultimate-target='#advanced-tabs-wrap-8039 .ult-span-text'  data-responsive-json-new='{\"font-size\":\"desktop:15px;\",\"line-height\":\"\"}'  class=\"ult-span-text ult-responsive\" style=\"\">\u00d6ffentlicher Autobus<\/span>\n\t\t\t\t\t\t    <\/span >\n\t\t\t\t\t\t<\/span>\n\t\t\t\t\t<\/a>\n\t\t\t\t\t<\/li><li class=\"ult_tab_li ult_tab_style_4 \" data-iconcolor=\"#5d5047\" data-iconhover=\"#ffffff\" style=\"background-color:#f2f2f2;border-color:#cecece;border-width:1px;border-style:solid;border-top-right-radius:8px;\">\n\t\t\t\t\t<a href=\"#1556884992842-4-9\" id=\"1556884992842-4-9\" style=\"color:#5d5047;;  \" class=\"ult_a  \">\n\t\t\t\t\t     <span class=\"ult_tab_main Both\">\n\t\t\t\t\t      <span class=\"ult_tab_section\">\n\t\t\t\t\t\t   <span class=\"aio-icon none ult_tab_iconleft\" style=\"color:#5d5047;font-size:15px;\">\n\t\t\t\t\t\t   <i class=\"  fas fa-bus-alt ult_tab_icon\"  ><\/i>\n\t\t\t\t\t\t   <\/span>\n\t\t\t\t\t\t   <span  data-ultimate-target='#advanced-tabs-wrap-8039 .ult-span-text'  data-responsive-json-new='{\"font-size\":\"desktop:15px;\",\"line-height\":\"\"}'  class=\"ult-span-text ult-responsive\" style=\"\">Shuttle-Bus<\/span>\n\t\t\t\t\t\t    <\/span >\n\t\t\t\t\t\t<\/span>\n\t\t\t\t\t<\/a>\n\t\t\t\t\t<\/li><\/ul><div  data-ultimate-target='#advanced-tabs-desc-wrap-6402 .ult_tabcontent .ult_tab_min_contain  p'  data-responsive-json-new='{\"font-size\":\"\",\"line-height\":\"\"}' class=\"ult_tabcontent ult-responsive style1\" style=\"border-style:none; border-radius:1px; border-color:#bfbfbf;color:#74777b;\"><div class=\"ult_tab_min_contain \" >\n\t\t\t<div  class=\"ult_tabitemname\"  >\n\t\t\t\t[vc_column_text]<\/p>\n<ul>\n<li>Alle gro\u00dfen Mietwagenfirmen wie Avis, Hertz, Cicar, Sixt und Europcar haben eine Niederlassung am Flughafen.<\/li>\n<li>Folgen Sie der oben angegebenen Anleitung \u201eAnfahrt\u201c, um zu Idyll Suites zu kommen.<\/li>\n<li>Achtung: es gibt zwei Stra\u00dfen mit dem Namen \u201eCalle Petrel\u201c in Gran Canaria. Die richtige der beiden ist im S\u00fcden von Playa del Cura (Sur). Die falsche Stra\u00dfe ist in der Hauptstadt Las Palmas im Norden.<\/li>\n<\/ul>\n<p>[\/vc_column_text]\n\t\t\t<\/div>\n\t\t\t<div  class=\"ult_tabitemname\"  >\n\t\t\t\t[vc_column_text]<\/p>\n<ul>\n<li>Taxis gibt es am Flughafen beim Ausgang der Internationalen Ank\u00fcnfte.<\/li>\n<li>Die Entfernung zum Hotel betr\u00e4gt 50 km, was 35 Minuten Fahrt entspricht.<\/li>\n<li>Bitte geben Sie dem Fahrer die komplette Adresse von Idyll Suites.<\/li>\n<li>Versuchen Sie nicht einen fixen Fahrpreis zu verhandeln, sondern lassen sie den Fahrer den Taxameter einschalten.<\/li>\n<li>Der Fahrpreis sollte bei etwa 58 \u20ac bei Tag und 66 \u20ac bei Nacht und an spanischen Feiertagen liegen.<\/li>\n<\/ul>\n<p>Wenn der Taxifahrer Probleme hat, zu uns zu finden, rufen Sie uns bitte unter (0034) 828 12 48 02 an.[\/vc_column_text]\n\t\t\t<\/div>\n\t\t\t<div  class=\"ult_tabitemname\"  >\n\t\t\t\t[vc_column_text]<\/p>\n<ul>\n<li>Privater Transfer mit T\u00fcr-zu-T\u00fcr-Service.<\/li>\n<li>Privater Transfer eine Richtung: 1 \u2013 4 Personen: 55 \u20ac.<\/li>\n<li>F\u00fcr eine Buchung mailen Sie uns bitte unter info@idyllsuites.com und f\u00fchren Sie in der Nachricht Ihren Namen, das Datum des gew\u00fcnschten Transfers, die Anzahl der Personen, die Flugnummer und Passnummer an (nur f\u00fcr die Versicherung).<\/li>\n<\/ul>\n<p>[\/vc_column_text]\n\t\t\t<\/div>\n\t\t\t<div  class=\"ult_tabitemname\"  >\n\t\t\t\t[vc_column_text]<\/p>\n<ul>\n<li><img loading=\"lazy\" decoding=\"async\" class=\"size-medium wp-image-637\" src=\"http:\/\/www.idyllsuites.com\/nuevaweb\/wp-content\/uploads\/2019\/05\/public-bus-300x192.png\" alt=\"\" width=\"300\" height=\"192\" \/>Der Bus Nr. 91 verkehrt zwischen dem Flughafen und Playa del Cura.<\/li>\n<li>Gehen Sie im Flughafen eine Etage hinauf zu den Abfl\u00fcgen und gehen Sie dort ins Freie (siehe Foto links).<\/li>\n<li>Das Busticket kostet 6,35 \u20ac pro Person in eine Richtung.<\/li>\n<li>Abfahrten: Der Bus f\u00e4hrt zirka ein Mal pro Stunde. Fahrplan <a href=\"http:\/\/www.globalsu.es\/es\/descargar_pdf.php?n=69\" target=\"_blank\" rel=\"noopener noreferrer\">hier<\/a><\/li>\n<li>Nach Playa del Cura: von 06:15 bis 20:15 Uhr.<\/li>\n<li>Nach Las Palmas de Gran Canaria: 6:30 bis 20:35 Uhr (Montag bis Freitag) und 7:35 bis 20:35 Uhr (Samstag und Sonntag).<\/li>\n<\/ul>\n<p>[\/vc_column_text]\n\t\t\t<\/div>\n\t\t\t<div  class=\"ult_tabitemname\"  >\n\t\t\t\t[vc_column_text]<\/p>\n<ul>\n<li>Gemeinsame Fahrt mit mehreren Passagieren.<\/li>\n<li>L\u00e4ngere Fahrzeit<\/li>\n<li>Geringerer Preis pro Person<\/li>\n<li>\n<p style=\"text-align: left;\">Eine Option: <a href=\"https:\/\/www.canaryshuttle.com\/en\/home\" target=\"_blank\" rel=\"noopener noreferrer\">hier klicken<\/a><\/p>\n<\/li>\n<\/ul>\n<p>[\/vc_column_text]\n\t\t\t<\/div><\/div><\/div><\/div><div class=\"ult_acord advanced-tabs-desc-wrap-6402\">\n   <div class=\"ult-tabto-accordion \" style=\"width:;\"\n    data-titlecolor=\"#5d5047\"  data-titlebg=\"#f2f2f2\"\n     data-titlehoverbg=\"#5d5047\" data-titlehovercolor=\"#ffffff\" data-animation=\"Fade\"\n     data-activetitle=\"#ffffff\" data-activeicon=\"#ffffff\" data-activebg=\"#ffab06\" data-scroll = \"on\" data-activeindex=\"1\" >\n     <dl><dt class=\"\">\n        \t<a class=\"ult-tabto-actitle withBorder ult_a\"  id=\"1556882592406-7\" style=\"color:#5d5047;;background-color:#f2f2f2;border-bottom-color:#cecece;border-bottom-width:1px;border-bottom-style:solid;\" href=\"#1556882592406-7\">\n        \t\t<i class=\"accordion-icon\"><\/i>\n        \t\t\t<span class=\"ult_tab_main ult_ac_mainBoth\">\n\t\t\t\t\t   <div class=\"aio-icon none \" style=\"color:#5d5047;font-size:15px;\" data-iconcolor=\"#5d5047\" data-iconhover=\"#ffffff\">\n\t\t\t\t\t   <i class=\"  fas fa-car-side ult_tab_icon\"  ><\/i>\n\t\t\t\t\t   <\/div>\n\t\t\t\t\t<span  data-ultimate-target='#advanced-tabs-wrap-8039 .ult-span-text'  data-responsive-json-new='{\"font-size\":\"desktop:15px;\",\"line-height\":\"\"}'  class=\"ult-span-text ult_acordian-text ult-responsive\" style=\";color:inherit \" >Mietauto<\/span>\n\t\t\t\t\t<\/span><\/a><\/dt>\n            \t\t<dd class=\"ult-tabto-accordionItem ult-tabto-accolapsed\">\n\t\t\t            <div class=\"ult-tabto-acontent\" style=\"border-style:none; border-radius:1px; border-color:#bfbfbf;color:#74777b;\">\n\t\t\t               [vc_column_text]<\/p>\n<ul>\n<li>Alle gro\u00dfen Mietwagenfirmen wie Avis, Hertz, Cicar, Sixt und Europcar haben eine Niederlassung am Flughafen.<\/li>\n<li>Folgen Sie der oben angegebenen Anleitung \u201eAnfahrt\u201c, um zu Idyll Suites zu kommen.<\/li>\n<li>Achtung: es gibt zwei Stra\u00dfen mit dem Namen \u201eCalle Petrel\u201c in Gran Canaria. Die richtige der beiden ist im S\u00fcden von Playa del Cura (Sur). Die falsche Stra\u00dfe ist in der Hauptstadt Las Palmas im Norden.<\/li>\n<\/ul>\n<p>[\/vc_column_text]\n\t\t\t            <\/div>\n        \t<\/dd><dt class=\"\">\n        \t<a class=\"ult-tabto-actitle withBorder ult_a\"  id=\"1556882592437-8\" style=\"color:#5d5047;;background-color:#f2f2f2;border-bottom-color:#cecece;border-bottom-width:1px;border-bottom-style:solid;border-bottom-color:#cecece;border-bottom-width:1px;border-bottom-style:solid;\" href=\"#1556882592437-8\">\n        \t\t<i class=\"accordion-icon\"><\/i>\n        \t\t\t<span class=\"ult_tab_main ult_ac_mainBoth\">\n\t\t\t\t\t   <div class=\"aio-icon none \" style=\"color:#5d5047;font-size:15px;\" data-iconcolor=\"#5d5047\" data-iconhover=\"#ffffff\">\n\t\t\t\t\t   <i class=\"  fas fa-taxi ult_tab_icon\"  ><\/i>\n\t\t\t\t\t   <\/div>\n\t\t\t\t\t<span  data-ultimate-target='#advanced-tabs-wrap-8039 .ult-span-text'  data-responsive-json-new='{\"font-size\":\"desktop:15px;\",\"line-height\":\"\"}'  class=\"ult-span-text ult_acordian-text ult-responsive\" style=\";color:inherit \" >Taxi<\/span>\n\t\t\t\t\t<\/span><\/a><\/dt>\n            \t\t<dd class=\"ult-tabto-accordionItem ult-tabto-accolapsed\">\n\t\t\t            <div class=\"ult-tabto-acontent\" style=\"border-style:none; border-radius:1px; border-color:#bfbfbf;color:#74777b;\">\n\t\t\t               [vc_column_text]<\/p>\n<ul>\n<li>Taxis gibt es am Flughafen beim Ausgang der Internationalen Ank\u00fcnfte.<\/li>\n<li>Die Entfernung zum Hotel betr\u00e4gt 50 km, was 35 Minuten Fahrt entspricht.<\/li>\n<li>Bitte geben Sie dem Fahrer die komplette Adresse von Idyll Suites.<\/li>\n<li>Versuchen Sie nicht einen fixen Fahrpreis zu verhandeln, sondern lassen sie den Fahrer den Taxameter einschalten.<\/li>\n<li>Der Fahrpreis sollte bei etwa 58 \u20ac bei Tag und 66 \u20ac bei Nacht und an spanischen Feiertagen liegen.<\/li>\n<\/ul>\n<p>Wenn der Taxifahrer Probleme hat, zu uns zu finden, rufen Sie uns bitte unter (0034) 828 12 48 02 an.[\/vc_column_text]\n\t\t\t            <\/div>\n        \t<\/dd><dt class=\"\">\n        \t<a class=\"ult-tabto-actitle withBorder ult_a\"  id=\"1556883614209-2-0\" style=\"color:#5d5047;;background-color:#f2f2f2;border-bottom-color:#cecece;border-bottom-width:1px;border-bottom-style:solid;border-bottom-color:#cecece;border-bottom-width:1px;border-bottom-style:solid;border-bottom-color:#cecece;border-bottom-width:1px;border-bottom-style:solid;\" href=\"#1556883614209-2-0\">\n        \t\t<i class=\"accordion-icon\"><\/i>\n        \t\t\t<span class=\"ult_tab_main ult_ac_mainBoth\">\n\t\t\t\t\t   <div class=\"aio-icon none \" style=\"color:#5d5047;font-size:15px;\" data-iconcolor=\"#5d5047\" data-iconhover=\"#ffffff\">\n\t\t\t\t\t   <i class=\"  fas fa-car ult_tab_icon\"  ><\/i>\n\t\t\t\t\t   <\/div>\n\t\t\t\t\t<span  data-ultimate-target='#advanced-tabs-wrap-8039 .ult-span-text'  data-responsive-json-new='{\"font-size\":\"desktop:15px;\",\"line-height\":\"\"}'  class=\"ult-span-text ult_acordian-text ult-responsive\" style=\";color:inherit \" >Privater Transfer<\/span>\n\t\t\t\t\t<\/span><\/a><\/dt>\n            \t\t<dd class=\"ult-tabto-accordionItem ult-tabto-accolapsed\">\n\t\t\t            <div class=\"ult-tabto-acontent\" style=\"border-style:none; border-radius:1px; border-color:#bfbfbf;color:#74777b;\">\n\t\t\t               [vc_column_text]<\/p>\n<ul>\n<li>Privater Transfer mit T\u00fcr-zu-T\u00fcr-Service.<\/li>\n<li>Privater Transfer eine Richtung: 1 \u2013 4 Personen: 55 \u20ac.<\/li>\n<li>F\u00fcr eine Buchung mailen Sie uns bitte unter info@idyllsuites.com und f\u00fchren Sie in der Nachricht Ihren Namen, das Datum des gew\u00fcnschten Transfers, die Anzahl der Personen, die Flugnummer und Passnummer an (nur f\u00fcr die Versicherung).<\/li>\n<\/ul>\n<p>[\/vc_column_text]\n\t\t\t            <\/div>\n        \t<\/dd><dt class=\"\">\n        \t<a class=\"ult-tabto-actitle withBorder ult_a\"  id=\"1556883714630-3-1\" style=\"color:#5d5047;;background-color:#f2f2f2;border-bottom-color:#cecece;border-bottom-width:1px;border-bottom-style:solid;border-bottom-color:#cecece;border-bottom-width:1px;border-bottom-style:solid;border-bottom-color:#cecece;border-bottom-width:1px;border-bottom-style:solid;border-bottom-color:#cecece;border-bottom-width:1px;border-bottom-style:solid;\" href=\"#1556883714630-3-1\">\n        \t\t<i class=\"accordion-icon\"><\/i>\n        \t\t\t<span class=\"ult_tab_main ult_ac_mainBoth\">\n\t\t\t\t\t   <div class=\"aio-icon none \" style=\"color:#5d5047;font-size:15px;\" data-iconcolor=\"#5d5047\" data-iconhover=\"#ffffff\">\n\t\t\t\t\t   <i class=\"  Defaults-bus ult_tab_icon\"  ><\/i>\n\t\t\t\t\t   <\/div>\n\t\t\t\t\t<span  data-ultimate-target='#advanced-tabs-wrap-8039 .ult-span-text'  data-responsive-json-new='{\"font-size\":\"desktop:15px;\",\"line-height\":\"\"}'  class=\"ult-span-text ult_acordian-text ult-responsive\" style=\";color:inherit \" >\u00d6ffentlicher Autobus<\/span>\n\t\t\t\t\t<\/span><\/a><\/dt>\n            \t\t<dd class=\"ult-tabto-accordionItem ult-tabto-accolapsed\">\n\t\t\t            <div class=\"ult-tabto-acontent\" style=\"border-style:none; border-radius:1px; border-color:#bfbfbf;color:#74777b;\">\n\t\t\t               [vc_column_text]<\/p>\n<ul>\n<li><img loading=\"lazy\" decoding=\"async\" class=\"size-medium wp-image-637\" src=\"http:\/\/www.idyllsuites.com\/nuevaweb\/wp-content\/uploads\/2019\/05\/public-bus-300x192.png\" alt=\"\" width=\"300\" height=\"192\" \/>Der Bus Nr. 91 verkehrt zwischen dem Flughafen und Playa del Cura.<\/li>\n<li>Gehen Sie im Flughafen eine Etage hinauf zu den Abfl\u00fcgen und gehen Sie dort ins Freie (siehe Foto links).<\/li>\n<li>Das Busticket kostet 6,35 \u20ac pro Person in eine Richtung.<\/li>\n<li>Abfahrten: Der Bus f\u00e4hrt zirka ein Mal pro Stunde. Fahrplan <a href=\"http:\/\/www.globalsu.es\/es\/descargar_pdf.php?n=69\" target=\"_blank\" rel=\"noopener noreferrer\">hier<\/a><\/li>\n<li>Nach Playa del Cura: von 06:15 bis 20:15 Uhr.<\/li>\n<li>Nach Las Palmas de Gran Canaria: 6:30 bis 20:35 Uhr (Montag bis Freitag) und 7:35 bis 20:35 Uhr (Samstag und Sonntag).<\/li>\n<\/ul>\n<p>[\/vc_column_text]\n\t\t\t            <\/div>\n        \t<\/dd><dt class=\"\">\n        \t<a class=\"ult-tabto-actitle withBorder ult_a\"  id=\"1556884992842-4-9\" style=\"color:#5d5047;;background-color:#f2f2f2;border-bottom-color:#cecece;border-bottom-width:1px;border-bottom-style:solid;border-bottom-color:#cecece;border-bottom-width:1px;border-bottom-style:solid;border-bottom-color:#cecece;border-bottom-width:1px;border-bottom-style:solid;border-bottom-color:#cecece;border-bottom-width:1px;border-bottom-style:solid;border-bottom-color:#cecece;border-bottom-width:1px;border-bottom-style:solid;\" href=\"#1556884992842-4-9\">\n        \t\t<i class=\"accordion-icon\"><\/i>\n        \t\t\t<span class=\"ult_tab_main ult_ac_mainBoth\">\n\t\t\t\t\t   <div class=\"aio-icon none \" style=\"color:#5d5047;font-size:15px;\" data-iconcolor=\"#5d5047\" data-iconhover=\"#ffffff\">\n\t\t\t\t\t   <i class=\"  fas fa-bus-alt ult_tab_icon\"  ><\/i>\n\t\t\t\t\t   <\/div>\n\t\t\t\t\t<span  data-ultimate-target='#advanced-tabs-wrap-8039 .ult-span-text'  data-responsive-json-new='{\"font-size\":\"desktop:15px;\",\"line-height\":\"\"}'  class=\"ult-span-text ult_acordian-text ult-responsive\" style=\";color:inherit \" >Shuttle-Bus<\/span>\n\t\t\t\t\t<\/span><\/a><\/dt>\n            \t\t<dd class=\"ult-tabto-accordionItem ult-tabto-accolapsed\">\n\t\t\t            <div class=\"ult-tabto-acontent\" style=\"border-style:none; border-radius:1px; border-color:#bfbfbf;color:#74777b;\">\n\t\t\t               [vc_column_text]<\/p>\n<ul>\n<li>Gemeinsame Fahrt mit mehreren Passagieren.<\/li>\n<li>L\u00e4ngere Fahrzeit<\/li>\n<li>Geringerer Preis pro Person<\/li>\n<li>\n<p style=\"text-align: left;\">Eine Option: <a href=\"https:\/\/www.canaryshuttle.com\/en\/home\" target=\"_blank\" rel=\"noopener noreferrer\">hier klicken<\/a><\/p>\n<\/li>\n<\/ul>\n<p>[\/vc_column_text]\n\t\t\t            <\/div>\n        \t<\/dd>\n    \t<\/dl>\n    <!--<div class=\"extraborder\" style=\"background-color:#5d5047\"><\/div>-->\n<\/div>\n\n<\/div>[vc_column_text]<\/p>\n<div id=\"main-container\">\n<div class=\"moon-page\">\n<div class=\"container\">\n<div class=\"moon-page-content row \">\n<section class=\"moon-mainbar\">\n<article id=\"post-19\" class=\"post-19 page type-page status-publish hentry\">\n<div class=\"vc_row wpb_row vc_row-fluid\">\n<div class=\"wpb_column vc_column_container vc_col-sm-12\">\n<div class=\"wpb_wrapper\">\n<div class=\"wpb_text_column wpb_content_element \">\n<div class=\"wpb_wrapper\">\n<p style=\"text-align: center;\">Die hier zur Verf\u00fcgung gestellte Information dient rein zu Informationszwecken, Idyll Suites \u00fcbernimmt keine Verantwortung f\u00fcr den Service der beschriebenen Fahrt-M\u00f6glichkeiten.<\/p>\n<\/div>\n<\/div>\n<\/div>\n<\/div>\n<\/div>\n<\/article>\n<\/section>\n<\/div>\n<\/div>\n<\/div>\n<\/div>\n<p>[\/vc_column_text][\/vc_column][\/vc_row]<\/p>\n","protected":false},"excerpt":{"rendered":"<p>[vc_row full_width=&#8220;stretch_row_content_no_spaces&#8220; css=&#8220;.vc_custom_1556886106850{margin-top: -80px !important;}&#8220;][vc_column][vc_gmaps link=&#8220;#E-8_JTNDaWZyYW1lJTIwc3JjJTNEJTIyaHR0cHMlM0ElMkYlMkZ3d3cuZ29vZ2xlLmNvbSUyRm1hcHMlMkZlbWJlZCUzRnBiJTNEJTIxMW0yOCUyMTFtMTIlMjExbTMlMjExZDExMjg4Ny44MjE4NzIxNzgzOCUyMTJkLTE1LjYzMDQ0MzgxOTg5MzM1JTIxM2QyNy44NDgzOTM4MTgyMjYxNDMlMjEybTMlMjExZjAlMjEyZjAlMjEzZjAlMjEzbTIlMjExaTEwMjQlMjEyaTc2OCUyMTRmMTMuMSUyMTRtMTMlMjEzZTAlMjE0bTUlMjExczB4YzQwYTI2NmMzNjYyZDFkJTI1M0EweDgyNGJjZjdlMTU5Zjg1ZDQlMjEyc0Flcm9wb3J0JTJCZGUlMkJHcmFuJTJCQ2FuJTI1QzMlMjVBMHJpYSUyQiUyOExQQSUyOSUyMTNtMiUyMTFkMjcuOTMzMTg0OCUyMTJkLTE1LjM4NzcwNjYlMjE0bTUlMjExczB4YzQwODFhY2MwZmU0MGMzJTI1M0EweGU5YmU5Mjk2NTFiYjYxMDUlMjEyc0lkeWxsJTJCU3VpdGVzJTI1MkMlMkJDYWxsZSUyQlBldHJlbCUyNTJDJTJCMyUyNTJDJTJCMzUxMzglMkJNb2clMjVDMyUyNUExbiUyNTJDJTJCTGFzJTJCUGFsbWFzJTIxM20yJTIxMWQyNy44MDA1NDIyJTIxMmQtMTUuNzMyOTYzMyUyMTVlMCUyMTNtMiUyMTFzZXMlMjEyc2VzJTIxNHYxNTU2ODc4ODQ1NzU0JTIxNW0yJTIxMXNlcyUyMTJzZXMlMjIlMjB3aWR0aCUzRCUyMjYwMCUyMiUyMGhlaWdodCUzRCUyMjQ1MCUyMiUyMGZyYW1lYm9yZGVyJTNEJTIyMCUyMiUyMHN0eWxlJTNEJTIyYm9yZGVyJTNBMCUyMiUyMGFsbG93ZnVsbHNjcmVlbiUzRSUzQyUyRmlmcmFtZSUzRQ==&#8220;][\/vc_column][\/vc_row][vc_row][vc_column][vc_custom_heading text=&#8220;Kontaktieren Sie Idyll Suites&#8220; font_container=&#8220;tag:h2|text_align:center&#8220; use_theme_fonts=&#8220;yes&#8220;][vc_separator][\/vc_column][\/vc_row][vc_row][vc_column width=&#8220;1\/3&#8243;][vc_single_image image=&#8220;1292&#8243; img_size=&#8220;full&#8220; alignment=&#8220;center&#8220;][\/vc_column][vc_column width=&#8220;1\/3&#8243;][vc_column_text]Hotel Idyll Suites Gran Canaria nimmt sich die Kundenbetreuung zu Herzen. Unsere Mission ist es, unsere Kunden mit einem Weltklasse-Service zu umsorgen. Bitte kontaktieren Sie uns auf dem Weg, der f\u00fcr Sie am angenehmsten ist. Wir freuen uns schon&hellip;<\/p>\n","protected":false},"author":1,"featured_media":0,"parent":0,"menu_order":20,"comment_status":"closed","ping_status":"closed","template":"","meta":{"footnotes":""},"class_list":["post-1290","page","type-page","status-publish","hentry","description-off"],"yoast_head":"<!-- This site is optimized with the Yoast SEO plugin v28.2 - https:\/\/yoast.com\/product\/yoast-seo-wordpress\/ -->\n<title>Kontakt - Idyll Suites Gran Canaria<\/title>\n<meta name=\"robots\" content=\"index, follow, max-snippet:-1, max-image-preview:large, max-video-preview:-1\" \/>\n<link rel=\"canonical\" href=\"https:\/\/www.idyllsuites.com\/de\/kontakt\/\" \/>\n<meta property=\"og:locale\" content=\"de_DE\" \/>\n<meta property=\"og:type\" content=\"article\" \/>\n<meta property=\"og:title\" content=\"Kontakt - Idyll Suites Gran Canaria\" \/>\n<meta property=\"og:description\" content=\"[vc_row full_width=&#8220;stretch_row_content_no_spaces&#8220; css=&#8220;.vc_custom_1556886106850{margin-top: -80px !important;}&#8220;][vc_column][vc_gmaps link=&#8220;#E-8_JTNDaWZyYW1lJTIwc3JjJTNEJTIyaHR0cHMlM0ElMkYlMkZ3d3cuZ29vZ2xlLmNvbSUyRm1hcHMlMkZlbWJlZCUzRnBiJTNEJTIxMW0yOCUyMTFtMTIlMjExbTMlMjExZDExMjg4Ny44MjE4NzIxNzgzOCUyMTJkLTE1LjYzMDQ0MzgxOTg5MzM1JTIxM2QyNy44NDgzOTM4MTgyMjYxNDMlMjEybTMlMjExZjAlMjEyZjAlMjEzZjAlMjEzbTIlMjExaTEwMjQlMjEyaTc2OCUyMTRmMTMuMSUyMTRtMTMlMjEzZTAlMjE0bTUlMjExczB4YzQwYTI2NmMzNjYyZDFkJTI1M0EweDgyNGJjZjdlMTU5Zjg1ZDQlMjEyc0Flcm9wb3J0JTJCZGUlMkJHcmFuJTJCQ2FuJTI1QzMlMjVBMHJpYSUyQiUyOExQQSUyOSUyMTNtMiUyMTFkMjcuOTMzMTg0OCUyMTJkLTE1LjM4NzcwNjYlMjE0bTUlMjExczB4YzQwODFhY2MwZmU0MGMzJTI1M0EweGU5YmU5Mjk2NTFiYjYxMDUlMjEyc0lkeWxsJTJCU3VpdGVzJTI1MkMlMkJDYWxsZSUyQlBldHJlbCUyNTJDJTJCMyUyNTJDJTJCMzUxMzglMkJNb2clMjVDMyUyNUExbiUyNTJDJTJCTGFzJTJCUGFsbWFzJTIxM20yJTIxMWQyNy44MDA1NDIyJTIxMmQtMTUuNzMyOTYzMyUyMTVlMCUyMTNtMiUyMTFzZXMlMjEyc2VzJTIxNHYxNTU2ODc4ODQ1NzU0JTIxNW0yJTIxMXNlcyUyMTJzZXMlMjIlMjB3aWR0aCUzRCUyMjYwMCUyMiUyMGhlaWdodCUzRCUyMjQ1MCUyMiUyMGZyYW1lYm9yZGVyJTNEJTIyMCUyMiUyMHN0eWxlJTNEJTIyYm9yZGVyJTNBMCUyMiUyMGFsbG93ZnVsbHNjcmVlbiUzRSUzQyUyRmlmcmFtZSUzRQ==&#8220;][\/vc_column][\/vc_row][vc_row][vc_column][vc_custom_heading text=&#8220;Kontaktieren Sie Idyll Suites&#8220; font_container=&#8220;tag:h2|text_align:center&#8220; use_theme_fonts=&#8220;yes&#8220;][vc_separator][\/vc_column][\/vc_row][vc_row][vc_column width=&#8220;1\/3&#8243;][vc_single_image image=&#8220;1292&#8243; img_size=&#8220;full&#8220; alignment=&#8220;center&#8220;][\/vc_column][vc_column width=&#8220;1\/3&#8243;][vc_column_text]Hotel Idyll Suites Gran Canaria nimmt sich die Kundenbetreuung zu Herzen. Unsere Mission ist es, unsere Kunden mit einem Weltklasse-Service zu umsorgen. Bitte kontaktieren Sie uns auf dem Weg, der f\u00fcr Sie am angenehmsten ist. Wir freuen uns schon&hellip;\" \/>\n<meta property=\"og:url\" content=\"https:\/\/www.idyllsuites.com\/de\/kontakt\/\" \/>\n<meta property=\"og:site_name\" content=\"Idyll Suites Gran Canaria\" \/>\n<meta property=\"article:publisher\" content=\"https:\/\/www.facebook.com\/idyllsuites\" \/>\n<meta property=\"article:modified_time\" content=\"2020-08-28T11:35:33+00:00\" \/>\n<meta property=\"og:image\" content=\"http:\/\/www.idyllsuites.com\/nuevaweb\/wp-content\/uploads\/2019\/05\/public-bus-300x192.png\" \/>\n<meta name=\"twitter:card\" content=\"summary_large_image\" \/>\n<meta name=\"twitter:label1\" content=\"Gesch\u00e4tzte Lesezeit\" \/>\n\t<meta name=\"twitter:data1\" content=\"4\u00a0Minuten\" \/>\n<script type=\"application\/ld+json\" class=\"yoast-schema-graph\">{\"@context\":\"https:\\\/\\\/schema.org\",\"@graph\":[{\"@type\":\"WebPage\",\"@id\":\"https:\\\/\\\/www.idyllsuites.com\\\/de\\\/kontakt\\\/\",\"url\":\"https:\\\/\\\/www.idyllsuites.com\\\/de\\\/kontakt\\\/\",\"name\":\"Kontakt - Idyll Suites Gran Canaria\",\"isPartOf\":{\"@id\":\"https:\\\/\\\/www.idyllsuites.com\\\/#website\"},\"primaryImageOfPage\":{\"@id\":\"https:\\\/\\\/www.idyllsuites.com\\\/de\\\/kontakt\\\/#primaryimage\"},\"image\":{\"@id\":\"https:\\\/\\\/www.idyllsuites.com\\\/de\\\/kontakt\\\/#primaryimage\"},\"thumbnailUrl\":\"http:\\\/\\\/www.idyllsuites.com\\\/nuevaweb\\\/wp-content\\\/uploads\\\/2019\\\/05\\\/public-bus-300x192.png\",\"datePublished\":\"2020-01-03T12:13:23+00:00\",\"dateModified\":\"2020-08-28T11:35:33+00:00\",\"breadcrumb\":{\"@id\":\"https:\\\/\\\/www.idyllsuites.com\\\/de\\\/kontakt\\\/#breadcrumb\"},\"inLanguage\":\"de\",\"potentialAction\":[{\"@type\":\"ReadAction\",\"target\":[\"https:\\\/\\\/www.idyllsuites.com\\\/de\\\/kontakt\\\/\"]}]},{\"@type\":\"ImageObject\",\"inLanguage\":\"de\",\"@id\":\"https:\\\/\\\/www.idyllsuites.com\\\/de\\\/kontakt\\\/#primaryimage\",\"url\":\"http:\\\/\\\/www.idyllsuites.com\\\/nuevaweb\\\/wp-content\\\/uploads\\\/2019\\\/05\\\/public-bus-300x192.png\",\"contentUrl\":\"http:\\\/\\\/www.idyllsuites.com\\\/nuevaweb\\\/wp-content\\\/uploads\\\/2019\\\/05\\\/public-bus-300x192.png\"},{\"@type\":\"BreadcrumbList\",\"@id\":\"https:\\\/\\\/www.idyllsuites.com\\\/de\\\/kontakt\\\/#breadcrumb\",\"itemListElement\":[{\"@type\":\"ListItem\",\"position\":1,\"name\":\"Home\",\"item\":\"https:\\\/\\\/www.idyllsuites.com\\\/de\\\/\"},{\"@type\":\"ListItem\",\"position\":2,\"name\":\"Kontakt\"}]},{\"@type\":\"WebSite\",\"@id\":\"https:\\\/\\\/www.idyllsuites.com\\\/#website\",\"url\":\"https:\\\/\\\/www.idyllsuites.com\\\/\",\"name\":\"Idyll Suites Gran Canaria\",\"description\":\"Adult Only Hotel Suites in Playa del Cura\",\"potentialAction\":[{\"@type\":\"SearchAction\",\"target\":{\"@type\":\"EntryPoint\",\"urlTemplate\":\"https:\\\/\\\/www.idyllsuites.com\\\/?s={search_term_string}\"},\"query-input\":{\"@type\":\"PropertyValueSpecification\",\"valueRequired\":true,\"valueName\":\"search_term_string\"}}],\"inLanguage\":\"de\"}]}<\/script>\n<!-- \/ Yoast SEO plugin. -->","yoast_head_json":{"title":"Kontakt - Idyll Suites Gran Canaria","robots":{"index":"index","follow":"follow","max-snippet":"max-snippet:-1","max-image-preview":"max-image-preview:large","max-video-preview":"max-video-preview:-1"},"canonical":"https:\/\/www.idyllsuites.com\/de\/kontakt\/","og_locale":"de_DE","og_type":"article","og_title":"Kontakt - Idyll Suites Gran Canaria","og_description":"[vc_row full_width=&#8220;stretch_row_content_no_spaces&#8220; css=&#8220;.vc_custom_1556886106850{margin-top: -80px !important;}&#8220;][vc_column][vc_gmaps link=&#8220;#E-8_JTNDaWZyYW1lJTIwc3JjJTNEJTIyaHR0cHMlM0ElMkYlMkZ3d3cuZ29vZ2xlLmNvbSUyRm1hcHMlMkZlbWJlZCUzRnBiJTNEJTIxMW0yOCUyMTFtMTIlMjExbTMlMjExZDExMjg4Ny44MjE4NzIxNzgzOCUyMTJkLTE1LjYzMDQ0MzgxOTg5MzM1JTIxM2QyNy44NDgzOTM4MTgyMjYxNDMlMjEybTMlMjExZjAlMjEyZjAlMjEzZjAlMjEzbTIlMjExaTEwMjQlMjEyaTc2OCUyMTRmMTMuMSUyMTRtMTMlMjEzZTAlMjE0bTUlMjExczB4YzQwYTI2NmMzNjYyZDFkJTI1M0EweDgyNGJjZjdlMTU5Zjg1ZDQlMjEyc0Flcm9wb3J0JTJCZGUlMkJHcmFuJTJCQ2FuJTI1QzMlMjVBMHJpYSUyQiUyOExQQSUyOSUyMTNtMiUyMTFkMjcuOTMzMTg0OCUyMTJkLTE1LjM4NzcwNjYlMjE0bTUlMjExczB4YzQwODFhY2MwZmU0MGMzJTI1M0EweGU5YmU5Mjk2NTFiYjYxMDUlMjEyc0lkeWxsJTJCU3VpdGVzJTI1MkMlMkJDYWxsZSUyQlBldHJlbCUyNTJDJTJCMyUyNTJDJTJCMzUxMzglMkJNb2clMjVDMyUyNUExbiUyNTJDJTJCTGFzJTJCUGFsbWFzJTIxM20yJTIxMWQyNy44MDA1NDIyJTIxMmQtMTUuNzMyOTYzMyUyMTVlMCUyMTNtMiUyMTFzZXMlMjEyc2VzJTIxNHYxNTU2ODc4ODQ1NzU0JTIxNW0yJTIxMXNlcyUyMTJzZXMlMjIlMjB3aWR0aCUzRCUyMjYwMCUyMiUyMGhlaWdodCUzRCUyMjQ1MCUyMiUyMGZyYW1lYm9yZGVyJTNEJTIyMCUyMiUyMHN0eWxlJTNEJTIyYm9yZGVyJTNBMCUyMiUyMGFsbG93ZnVsbHNjcmVlbiUzRSUzQyUyRmlmcmFtZSUzRQ==&#8220;][\/vc_column][\/vc_row][vc_row][vc_column][vc_custom_heading text=&#8220;Kontaktieren Sie Idyll Suites&#8220; font_container=&#8220;tag:h2|text_align:center&#8220; use_theme_fonts=&#8220;yes&#8220;][vc_separator][\/vc_column][\/vc_row][vc_row][vc_column width=&#8220;1\/3&#8243;][vc_single_image image=&#8220;1292&#8243; img_size=&#8220;full&#8220; alignment=&#8220;center&#8220;][\/vc_column][vc_column width=&#8220;1\/3&#8243;][vc_column_text]Hotel Idyll Suites Gran Canaria nimmt sich die Kundenbetreuung zu Herzen. Unsere Mission ist es, unsere Kunden mit einem Weltklasse-Service zu umsorgen. Bitte kontaktieren Sie uns auf dem Weg, der f\u00fcr Sie am angenehmsten ist. Wir freuen uns schon&hellip;","og_url":"https:\/\/www.idyllsuites.com\/de\/kontakt\/","og_site_name":"Idyll Suites Gran Canaria","article_publisher":"https:\/\/www.facebook.com\/idyllsuites","article_modified_time":"2020-08-28T11:35:33+00:00","og_image":[{"url":"http:\/\/www.idyllsuites.com\/nuevaweb\/wp-content\/uploads\/2019\/05\/public-bus-300x192.png","type":"","width":"","height":""}],"twitter_card":"summary_large_image","twitter_misc":{"Gesch\u00e4tzte Lesezeit":"4\u00a0Minuten"},"schema":{"@context":"https:\/\/schema.org","@graph":[{"@type":"WebPage","@id":"https:\/\/www.idyllsuites.com\/de\/kontakt\/","url":"https:\/\/www.idyllsuites.com\/de\/kontakt\/","name":"Kontakt - Idyll Suites Gran Canaria","isPartOf":{"@id":"https:\/\/www.idyllsuites.com\/#website"},"primaryImageOfPage":{"@id":"https:\/\/www.idyllsuites.com\/de\/kontakt\/#primaryimage"},"image":{"@id":"https:\/\/www.idyllsuites.com\/de\/kontakt\/#primaryimage"},"thumbnailUrl":"http:\/\/www.idyllsuites.com\/nuevaweb\/wp-content\/uploads\/2019\/05\/public-bus-300x192.png","datePublished":"2020-01-03T12:13:23+00:00","dateModified":"2020-08-28T11:35:33+00:00","breadcrumb":{"@id":"https:\/\/www.idyllsuites.com\/de\/kontakt\/#breadcrumb"},"inLanguage":"de","potentialAction":[{"@type":"ReadAction","target":["https:\/\/www.idyllsuites.com\/de\/kontakt\/"]}]},{"@type":"ImageObject","inLanguage":"de","@id":"https:\/\/www.idyllsuites.com\/de\/kontakt\/#primaryimage","url":"http:\/\/www.idyllsuites.com\/nuevaweb\/wp-content\/uploads\/2019\/05\/public-bus-300x192.png","contentUrl":"http:\/\/www.idyllsuites.com\/nuevaweb\/wp-content\/uploads\/2019\/05\/public-bus-300x192.png"},{"@type":"BreadcrumbList","@id":"https:\/\/www.idyllsuites.com\/de\/kontakt\/#breadcrumb","itemListElement":[{"@type":"ListItem","position":1,"name":"Home","item":"https:\/\/www.idyllsuites.com\/de\/"},{"@type":"ListItem","position":2,"name":"Kontakt"}]},{"@type":"WebSite","@id":"https:\/\/www.idyllsuites.com\/#website","url":"https:\/\/www.idyllsuites.com\/","name":"Idyll Suites Gran Canaria","description":"Adult Only Hotel Suites in Playa del Cura","potentialAction":[{"@type":"SearchAction","target":{"@type":"EntryPoint","urlTemplate":"https:\/\/www.idyllsuites.com\/?s={search_term_string}"},"query-input":{"@type":"PropertyValueSpecification","valueRequired":true,"valueName":"search_term_string"}}],"inLanguage":"de"}]}},"_links":{"self":[{"href":"http:\/\/www.idyllsuites.com\/de\/wp-json\/wp\/v2\/pages\/1290","targetHints":{"allow":["GET"]}}],"collection":[{"href":"http:\/\/www.idyllsuites.com\/de\/wp-json\/wp\/v2\/pages"}],"about":[{"href":"http:\/\/www.idyllsuites.com\/de\/wp-json\/wp\/v2\/types\/page"}],"author":[{"embeddable":true,"href":"http:\/\/www.idyllsuites.com\/de\/wp-json\/wp\/v2\/users\/1"}],"replies":[{"embeddable":true,"href":"http:\/\/www.idyllsuites.com\/de\/wp-json\/wp\/v2\/comments?post=1290"}],"version-history":[{"count":4,"href":"http:\/\/www.idyllsuites.com\/de\/wp-json\/wp\/v2\/pages\/1290\/revisions"}],"predecessor-version":[{"id":1506,"href":"http:\/\/www.idyllsuites.com\/de\/wp-json\/wp\/v2\/pages\/1290\/revisions\/1506"}],"wp:attachment":[{"href":"http:\/\/www.idyllsuites.com\/de\/wp-json\/wp\/v2\/media?parent=1290"}],"curies":[{"name":"wp","href":"https:\/\/api.w.org\/{rel}","templated":true}]}}